{"id":31343,"date":"2024-02-22T10:06:42","date_gmt":"2024-02-22T09:06:42","guid":{"rendered":"https:\/\/kids-cluster.com\/?post_type=tribe_events&#038;p=31343"},"modified":"2024-03-07T13:54:07","modified_gmt":"2024-03-07T12:54:07","slug":"formacio-marketing-digital","status":"publish","type":"tribe_events","link":"https:\/\/www.kids-cluster.com\/en\/activitats\/formacio-marketing-digital\/","title":{"rendered":"El m\u00e0rqueting avui: reconceptualitzaci\u00f3 des de la perspectiva digital"},"content":{"rendered":"<h4>Des de les xarxes socials fins a l&#8217;anal\u00edtica de dades, explorar\u00e0s en profunditat les eines digitals essencials per comprendre, arribar i captar el teu p\u00fablic objectiu de manera efectiva.<\/h4>\n<p><strong>Descobreix el nou paradigma del marketing digital i com connectar amb les noves generacions de consumidors. Amb aquesta formaci\u00f3 estar\u00e0s a l&#8217;avantguarda de les \u00faltimes tend\u00e8ncies en estrat\u00e8gies de marketing digital per mantenir la competitivitat i la rellev\u00e0ncia de la teva organitzaci\u00f3.<\/strong><\/p>\n<p><strong>Experi\u00e8ncia d&#8217;aprenentatge feta a mida per a professionals del sector infantil i familiar<\/strong> que et capacitar\u00e0 per liderar amb confian\u00e7a en un m\u00f3n digital en constant evoluci\u00f3, <strong>100% subvencionada pel programa Conforcat a Mida 2023<\/strong> del Consorci per a la Formaci\u00f3 Cont\u00ednua de Catalunya.<\/p>\n<h5>M\u00e9s informaci\u00f3 sobre els continguts i els formadors. \ud83d\udc47<\/h5>\n<p><img decoding=\"async\" class=\"lazyload aligncenter wp-image-31385 size-large\" src=\"https:\/\/www.kids-cluster.com\/wp-content\/uploads\/2024\/02\/marketing_programaformador-1030x579.png\" data-orig-src=\"https:\/\/www.kids-cluster.com\/wp-content\/uploads\/2024\/02\/marketing_programaformador-1030x579.png\" alt=\"\" width=\"1030\" height=\"579\" srcset=\"data:image\/svg+xml,%3Csvg%20xmlns%3D%27http%3A%2F%2Fwww.w3.org%2F2000%2Fsvg%27%20width%3D%271030%27%20height%3D%27579%27%20viewBox%3D%270%200%201030%20579%27%3E%3Crect%20width%3D%271030%27%20height%3D%27579%27%20fill-opacity%3D%220%22%2F%3E%3C%2Fsvg%3E\" data-srcset=\"https:\/\/www.kids-cluster.com\/wp-content\/uploads\/2024\/02\/marketing_programaformador-200x113.png 200w, https:\/\/www.kids-cluster.com\/wp-content\/uploads\/2024\/02\/marketing_programaformador-300x169.png 300w, https:\/\/www.kids-cluster.com\/wp-content\/uploads\/2024\/02\/marketing_programaformador-400x225.png 400w, https:\/\/www.kids-cluster.com\/wp-content\/uploads\/2024\/02\/marketing_programaformador-600x338.png 600w, https:\/\/www.kids-cluster.com\/wp-content\/uploads\/2024\/02\/marketing_programaformador-768x432.png 768w, https:\/\/www.kids-cluster.com\/wp-content\/uploads\/2024\/02\/marketing_programaformador-800x450.png 800w, https:\/\/www.kids-cluster.com\/wp-content\/uploads\/2024\/02\/marketing_programaformador-1030x579.png 1030w, https:\/\/www.kids-cluster.com\/wp-content\/uploads\/2024\/02\/marketing_programaformador-1200x675.png 1200w, https:\/\/www.kids-cluster.com\/wp-content\/uploads\/2024\/02\/marketing_programaformador-1536x864.png 1536w\" data-sizes=\"auto\" data-orig-sizes=\"(max-width: 1030px) 100vw, 1030px\" \/><\/p>\n<h4>Calendari<\/h4>\n<p><img decoding=\"async\" class=\"lazyload wp-image-31362 size-large alignnone\" src=\"https:\/\/www.kids-cluster.com\/wp-content\/uploads\/2024\/02\/marketing-calendari-2-1030x262.png\" data-orig-src=\"https:\/\/www.kids-cluster.com\/wp-content\/uploads\/2024\/02\/marketing-calendari-2-1030x262.png\" alt=\"\" width=\"1030\" height=\"262\" srcset=\"data:image\/svg+xml,%3Csvg%20xmlns%3D%27http%3A%2F%2Fwww.w3.org%2F2000%2Fsvg%27%20width%3D%271030%27%20height%3D%27262%27%20viewBox%3D%270%200%201030%20262%27%3E%3Crect%20width%3D%271030%27%20height%3D%27262%27%20fill-opacity%3D%220%22%2F%3E%3C%2Fsvg%3E\" data-srcset=\"https:\/\/www.kids-cluster.com\/wp-content\/uploads\/2024\/02\/marketing-calendari-2-200x51.png 200w, https:\/\/www.kids-cluster.com\/wp-content\/uploads\/2024\/02\/marketing-calendari-2-300x76.png 300w, https:\/\/www.kids-cluster.com\/wp-content\/uploads\/2024\/02\/marketing-calendari-2-400x102.png 400w, https:\/\/www.kids-cluster.com\/wp-content\/uploads\/2024\/02\/marketing-calendari-2-600x153.png 600w, https:\/\/www.kids-cluster.com\/wp-content\/uploads\/2024\/02\/marketing-calendari-2-768x196.png 768w, https:\/\/www.kids-cluster.com\/wp-content\/uploads\/2024\/02\/marketing-calendari-2-800x204.png 800w, https:\/\/www.kids-cluster.com\/wp-content\/uploads\/2024\/02\/marketing-calendari-2-1030x262.png 1030w, https:\/\/www.kids-cluster.com\/wp-content\/uploads\/2024\/02\/marketing-calendari-2-1200x306.png 1200w, https:\/\/www.kids-cluster.com\/wp-content\/uploads\/2024\/02\/marketing-calendari-2-1536x391.png 1536w, https:\/\/www.kids-cluster.com\/wp-content\/uploads\/2024\/02\/marketing-calendari-2.png 1920w\" data-sizes=\"auto\" data-orig-sizes=\"(max-width: 1030px) 100vw, 1030px\" \/><\/p>\n<p><strong>Les classes presencials tindran lloc al Campus de La Salle-URL Barcelona.<\/strong><\/p>\n<p>\ud83d\udccd<strong>C\/ de Sant Joan de la Salle, 42<\/strong>, Sarri\u00e0-Sant Gervasi, 08022 Barcelona<\/p>\n<p>\ud83d\udcc5 cada curs tindr\u00e0 <strong>sessions setmanals presencials<\/strong> d&#8217;un mat\u00ed al campus de La Salle &#8211; (<strong>Assist\u00e8ncia m\u00ednima del 80%<\/strong> de les hores del curs)<\/p>\n<p>&nbsp;<\/p>\n<h4>Vols formar-te en Marketing Digital?<\/h4>\n<p><strong>Per tal de fer efectiva la teva reserva al curs<\/strong> <em>El m\u00e0rqueting avui: reconceptualitzaci\u00f3 des de la perspectiva digital<\/em>, <strong>envia&#8217;ns els document de sol\u00b7licitud de participaci\u00f3 emplenat i firmat.<\/strong><\/p>\n<p>Assegura&#8217;t que en el document figura el nom correcta de la formaci\u00f3 &#8220;<strong>El m\u00e0rqueting avui: reconceptualitzaci\u00f3 des de la perspectiva digital<\/strong>&#8221; i el n\u00famero d&#8217;acci\u00f3 formativa &#8220;<strong>1<\/strong>&#8221;<\/p>\n<h5><a href=\"https:\/\/kidcluster-my.sharepoint.com\/:b:\/g\/personal\/alopez_kids-cluster_com\/EZfY3EzhY2NKkxvTNb41a2EBK4ARgP_9LbwX7RjChdtTIw?e=tLQ5bx\">\ud83d\udd17Descarrega-te&#8217;l aqu\u00ed <\/a>i envia&#8217;l a <a href=\"mailto:mtomas@kids-cluster.com\">mtomas@kids-cluster.com<\/a><\/h5>\n<p>&nbsp;<\/p>\n<h4>Informaci\u00f3 b\u00e0sica<\/h4>\n<p>\ud83d\udcc5 Dates: 3 d&#8217;abril al 29 de maig<br \/>\n\ud83d\udd52 40 hores<br \/>\n\ud83d\udcbb Format: h\u00edbrid (28h presencials + 12h teleformaci\u00f3)<\/p>\n<p>\u2b50<strong>Formaci\u00f3 gratu\u00efta per a socis de KID&#8217;S CLUSTER<\/strong>, les empreses no s\u00f2cies hauran d&#8217;abonar 50\u20ac de matr\u00edcula pel curs.<\/p>\n","protected":false},"excerpt":{"rendered":"<p>Des de les xarxes socials fins a l&#8217;anal\u00edtica de dades, explorar\u00e0s en profunditat les eines digitals essencials per comprendre, arribar i captar el teu p\u00fablic  [&#8230;]<\/p>\n","protected":false},"author":4,"featured_media":31354,"template":"","meta":{"_price":"","_stock":"","_tribe_ticket_header":"","_tribe_default_ticket_provider":"","_tribe_ticket_capacity":"0","_ticket_start_date":"","_ticket_end_date":"","_tribe_ticket_show_description":"","_tribe_ticket_show_not_going":false,"_tribe_ticket_use_global_stock":"","_tribe_ticket_global_stock_level":"","_global_stock_mode":"","_global_stock_cap":"","_tribe_rsvp_for_event":"","_tribe_ticket_going_count":"","_tribe_ticket_not_going_count":"","_tribe_tickets_list":"[]","_tribe_ticket_has_attendee_info_fields":false,"_tribe_events_status":"","_tribe_events_status_reason":"","footnotes":"","_tec_slr_enabled":"","_tec_slr_layout":""},"tags":[],"tribe_events_cat":[],"class_list":["post-31343","tribe_events","type-tribe_events","status-publish","has-post-thumbnail","hentry"],"yoast_head":"<!-- This site is optimized with the Yoast SEO plugin v27.4 - https:\/\/yoast.com\/product\/yoast-seo-wordpress\/ -->\n<title>El m\u00e0rqueting avui: reconceptualitzaci\u00f3 des de la perspectiva digital - KIDS CLUSTER<\/title>\n<meta name=\"description\" content=\"Des de les xarxes socials fins a l&#039;anal\u00edtica de dades, explorar\u00e0s en profunditat les eines digitals essencials per comprendre, arribar i captar el teu p\u00fablic objectiu de manera efectiva.\" \/>\n<meta name=\"robots\" content=\"index, follow, max-snippet:-1, max-image-preview:large, max-video-preview:-1\" \/>\n<link rel=\"canonical\" href=\"https:\/\/www.kids-cluster.com\/en\/activitats\/formacio-marketing-digital\/\" \/>\n<meta property=\"og:locale\" content=\"en_US\" \/>\n<meta property=\"og:type\" content=\"article\" \/>\n<meta property=\"og:title\" content=\"El m\u00e0rqueting avui: reconceptualitzaci\u00f3 des de la perspectiva digital - KIDS CLUSTER\" \/>\n<meta property=\"og:description\" content=\"Des de les xarxes socials fins a l&#039;anal\u00edtica de dades, explorar\u00e0s en profunditat les eines digitals essencials per comprendre, arribar i captar el teu p\u00fablic objectiu de manera efectiva.\" \/>\n<meta property=\"og:url\" content=\"https:\/\/www.kids-cluster.com\/en\/activitats\/formacio-marketing-digital\/\" \/>\n<meta property=\"og:site_name\" content=\"KIDS CLUSTER\" \/>\n<meta property=\"article:modified_time\" content=\"2024-03-07T12:54:07+00:00\" \/>\n<meta property=\"og:image\" content=\"https:\/\/www.kids-cluster.com\/wp-content\/uploads\/2024\/02\/banner-conforcat_MARKETING.png\" \/>\n\t<meta property=\"og:image:width\" content=\"1920\" \/>\n\t<meta property=\"og:image:height\" content=\"1080\" \/>\n\t<meta property=\"og:image:type\" content=\"image\/png\" \/>\n<meta name=\"twitter:card\" content=\"summary_large_image\" \/>\n<meta name=\"twitter:site\" content=\"@KIDSCLUSTER\" \/>\n<meta name=\"twitter:label1\" content=\"Est. reading time\" \/>\n\t<meta name=\"twitter:data1\" content=\"3 minutes\" \/>\n<script type=\"application\/ld+json\" class=\"yoast-schema-graph\">{\"@context\":\"https:\\\/\\\/schema.org\",\"@graph\":[{\"@type\":\"WebPage\",\"@id\":\"https:\\\/\\\/www.kids-cluster.com\\\/en\\\/activitats\\\/formacio-marketing-digital\\\/\",\"url\":\"https:\\\/\\\/www.kids-cluster.com\\\/en\\\/activitats\\\/formacio-marketing-digital\\\/\",\"name\":\"El m\u00e0rqueting avui: reconceptualitzaci\u00f3 des de la perspectiva digital - KIDS CLUSTER\",\"isPartOf\":{\"@id\":\"https:\\\/\\\/www.kids-cluster.com\\\/#website\"},\"primaryImageOfPage\":{\"@id\":\"https:\\\/\\\/www.kids-cluster.com\\\/en\\\/activitats\\\/formacio-marketing-digital\\\/#primaryimage\"},\"image\":{\"@id\":\"https:\\\/\\\/www.kids-cluster.com\\\/en\\\/activitats\\\/formacio-marketing-digital\\\/#primaryimage\"},\"thumbnailUrl\":\"https:\\\/\\\/www.kids-cluster.com\\\/wp-content\\\/uploads\\\/2024\\\/02\\\/banner-conforcat_MARKETING.png\",\"datePublished\":\"2024-02-22T09:06:42+00:00\",\"dateModified\":\"2024-03-07T12:54:07+00:00\",\"description\":\"Des de les xarxes socials fins a l'anal\u00edtica de dades, explorar\u00e0s en profunditat les eines digitals essencials per comprendre, arribar i captar el teu p\u00fablic objectiu de manera efectiva.\",\"breadcrumb\":{\"@id\":\"https:\\\/\\\/www.kids-cluster.com\\\/en\\\/activitats\\\/formacio-marketing-digital\\\/#breadcrumb\"},\"inLanguage\":\"en-US\",\"potentialAction\":[{\"@type\":\"ReadAction\",\"target\":[\"https:\\\/\\\/www.kids-cluster.com\\\/en\\\/activitats\\\/formacio-marketing-digital\\\/\"]}]},{\"@type\":\"ImageObject\",\"inLanguage\":\"en-US\",\"@id\":\"https:\\\/\\\/www.kids-cluster.com\\\/en\\\/activitats\\\/formacio-marketing-digital\\\/#primaryimage\",\"url\":\"https:\\\/\\\/www.kids-cluster.com\\\/wp-content\\\/uploads\\\/2024\\\/02\\\/banner-conforcat_MARKETING.png\",\"contentUrl\":\"https:\\\/\\\/www.kids-cluster.com\\\/wp-content\\\/uploads\\\/2024\\\/02\\\/banner-conforcat_MARKETING.png\",\"width\":1920,\"height\":1080},{\"@type\":\"BreadcrumbList\",\"@id\":\"https:\\\/\\\/www.kids-cluster.com\\\/en\\\/activitats\\\/formacio-marketing-digital\\\/#breadcrumb\",\"itemListElement\":[{\"@type\":\"ListItem\",\"position\":1,\"name\":\"Home\",\"item\":\"https:\\\/\\\/www.kids-cluster.com\\\/en\\\/\"},{\"@type\":\"ListItem\",\"position\":2,\"name\":\"Esdeveniments\",\"item\":\"https:\\\/\\\/www.kids-cluster.com\\\/activitats\\\/\"},{\"@type\":\"ListItem\",\"position\":3,\"name\":\"El m\u00e0rqueting avui: reconceptualitzaci\u00f3 des de la perspectiva digital\"}]},{\"@type\":\"WebSite\",\"@id\":\"https:\\\/\\\/www.kids-cluster.com\\\/#website\",\"url\":\"https:\\\/\\\/www.kids-cluster.com\\\/\",\"name\":\"KIDS CLUSTER\",\"description\":\"La inf\u00e0ncia, la nostra ra\u00f3 de ser\",\"publisher\":{\"@id\":\"https:\\\/\\\/www.kids-cluster.com\\\/#organization\"},\"alternateName\":\"KIDS CLUSTER\",\"potentialAction\":[{\"@type\":\"SearchAction\",\"target\":{\"@type\":\"EntryPoint\",\"urlTemplate\":\"https:\\\/\\\/www.kids-cluster.com\\\/?s={search_term_string}\"},\"query-input\":{\"@type\":\"PropertyValueSpecification\",\"valueRequired\":true,\"valueName\":\"search_term_string\"}}],\"inLanguage\":\"en-US\"},{\"@type\":\"Organization\",\"@id\":\"https:\\\/\\\/www.kids-cluster.com\\\/#organization\",\"name\":\"KIDS CLUSTER\",\"url\":\"https:\\\/\\\/www.kids-cluster.com\\\/\",\"logo\":{\"@type\":\"ImageObject\",\"inLanguage\":\"en-US\",\"@id\":\"https:\\\/\\\/www.kids-cluster.com\\\/#\\\/schema\\\/logo\\\/image\\\/\",\"url\":\"https:\\\/\\\/www.kids-cluster.com\\\/wp-content\\\/uploads\\\/2023\\\/10\\\/LOGO-KIDS-CLUSTER-orange.png\",\"contentUrl\":\"https:\\\/\\\/www.kids-cluster.com\\\/wp-content\\\/uploads\\\/2023\\\/10\\\/LOGO-KIDS-CLUSTER-orange.png\",\"width\":1002,\"height\":467,\"caption\":\"KIDS CLUSTER\"},\"image\":{\"@id\":\"https:\\\/\\\/www.kids-cluster.com\\\/#\\\/schema\\\/logo\\\/image\\\/\"},\"sameAs\":[\"https:\\\/\\\/x.com\\\/KIDSCLUSTER\",\"https:\\\/\\\/www.instagram.com\\\/kidscluster\\\/\",\"https:\\\/\\\/www.youtube.com\\\/@kidscluster8265\",\"https:\\\/\\\/www.linkedin.com\\\/company\\\/kids-cluster\\\/\"]}]}<\/script>\n<!-- \/ Yoast SEO plugin. -->","yoast_head_json":{"title":"El m\u00e0rqueting avui: reconceptualitzaci\u00f3 des de la perspectiva digital - KIDS CLUSTER","description":"Des de les xarxes socials fins a l'anal\u00edtica de dades, explorar\u00e0s en profunditat les eines digitals essencials per comprendre, arribar i captar el teu p\u00fablic objectiu de manera efectiva.","robots":{"index":"index","follow":"follow","max-snippet":"max-snippet:-1","max-image-preview":"max-image-preview:large","max-video-preview":"max-video-preview:-1"},"canonical":"https:\/\/www.kids-cluster.com\/en\/activitats\/formacio-marketing-digital\/","og_locale":"en_US","og_type":"article","og_title":"El m\u00e0rqueting avui: reconceptualitzaci\u00f3 des de la perspectiva digital - KIDS CLUSTER","og_description":"Des de les xarxes socials fins a l'anal\u00edtica de dades, explorar\u00e0s en profunditat les eines digitals essencials per comprendre, arribar i captar el teu p\u00fablic objectiu de manera efectiva.","og_url":"https:\/\/www.kids-cluster.com\/en\/activitats\/formacio-marketing-digital\/","og_site_name":"KIDS CLUSTER","article_modified_time":"2024-03-07T12:54:07+00:00","og_image":[{"width":1920,"height":1080,"url":"https:\/\/www.kids-cluster.com\/wp-content\/uploads\/2024\/02\/banner-conforcat_MARKETING.png","type":"image\/png"}],"twitter_card":"summary_large_image","twitter_site":"@KIDSCLUSTER","twitter_misc":{"Est. reading time":"3 minutes"},"schema":{"@context":"https:\/\/schema.org","@graph":[{"@type":"WebPage","@id":"https:\/\/www.kids-cluster.com\/en\/activitats\/formacio-marketing-digital\/","url":"https:\/\/www.kids-cluster.com\/en\/activitats\/formacio-marketing-digital\/","name":"El m\u00e0rqueting avui: reconceptualitzaci\u00f3 des de la perspectiva digital - KIDS CLUSTER","isPartOf":{"@id":"https:\/\/www.kids-cluster.com\/#website"},"primaryImageOfPage":{"@id":"https:\/\/www.kids-cluster.com\/en\/activitats\/formacio-marketing-digital\/#primaryimage"},"image":{"@id":"https:\/\/www.kids-cluster.com\/en\/activitats\/formacio-marketing-digital\/#primaryimage"},"thumbnailUrl":"https:\/\/www.kids-cluster.com\/wp-content\/uploads\/2024\/02\/banner-conforcat_MARKETING.png","datePublished":"2024-02-22T09:06:42+00:00","dateModified":"2024-03-07T12:54:07+00:00","description":"Des de les xarxes socials fins a l'anal\u00edtica de dades, explorar\u00e0s en profunditat les eines digitals essencials per comprendre, arribar i captar el teu p\u00fablic objectiu de manera efectiva.","breadcrumb":{"@id":"https:\/\/www.kids-cluster.com\/en\/activitats\/formacio-marketing-digital\/#breadcrumb"},"inLanguage":"en-US","potentialAction":[{"@type":"ReadAction","target":["https:\/\/www.kids-cluster.com\/en\/activitats\/formacio-marketing-digital\/"]}]},{"@type":"ImageObject","inLanguage":"en-US","@id":"https:\/\/www.kids-cluster.com\/en\/activitats\/formacio-marketing-digital\/#primaryimage","url":"https:\/\/www.kids-cluster.com\/wp-content\/uploads\/2024\/02\/banner-conforcat_MARKETING.png","contentUrl":"https:\/\/www.kids-cluster.com\/wp-content\/uploads\/2024\/02\/banner-conforcat_MARKETING.png","width":1920,"height":1080},{"@type":"BreadcrumbList","@id":"https:\/\/www.kids-cluster.com\/en\/activitats\/formacio-marketing-digital\/#breadcrumb","itemListElement":[{"@type":"ListItem","position":1,"name":"Home","item":"https:\/\/www.kids-cluster.com\/en\/"},{"@type":"ListItem","position":2,"name":"Esdeveniments","item":"https:\/\/www.kids-cluster.com\/activitats\/"},{"@type":"ListItem","position":3,"name":"El m\u00e0rqueting avui: reconceptualitzaci\u00f3 des de la perspectiva digital"}]},{"@type":"WebSite","@id":"https:\/\/www.kids-cluster.com\/#website","url":"https:\/\/www.kids-cluster.com\/","name":"KIDS CLUSTER","description":"La inf\u00e0ncia, la nostra ra\u00f3 de ser","publisher":{"@id":"https:\/\/www.kids-cluster.com\/#organization"},"alternateName":"KIDS CLUSTER","potentialAction":[{"@type":"SearchAction","target":{"@type":"EntryPoint","urlTemplate":"https:\/\/www.kids-cluster.com\/?s={search_term_string}"},"query-input":{"@type":"PropertyValueSpecification","valueRequired":true,"valueName":"search_term_string"}}],"inLanguage":"en-US"},{"@type":"Organization","@id":"https:\/\/www.kids-cluster.com\/#organization","name":"KIDS CLUSTER","url":"https:\/\/www.kids-cluster.com\/","logo":{"@type":"ImageObject","inLanguage":"en-US","@id":"https:\/\/www.kids-cluster.com\/#\/schema\/logo\/image\/","url":"https:\/\/www.kids-cluster.com\/wp-content\/uploads\/2023\/10\/LOGO-KIDS-CLUSTER-orange.png","contentUrl":"https:\/\/www.kids-cluster.com\/wp-content\/uploads\/2023\/10\/LOGO-KIDS-CLUSTER-orange.png","width":1002,"height":467,"caption":"KIDS CLUSTER"},"image":{"@id":"https:\/\/www.kids-cluster.com\/#\/schema\/logo\/image\/"},"sameAs":["https:\/\/x.com\/KIDSCLUSTER","https:\/\/www.instagram.com\/kidscluster\/","https:\/\/www.youtube.com\/@kidscluster8265","https:\/\/www.linkedin.com\/company\/kids-cluster\/"]}]}},"ticketed":false,"_links":{"self":[{"href":"https:\/\/www.kids-cluster.com\/en\/wp-json\/wp\/v2\/tribe_events\/31343","targetHints":{"allow":["GET"]}}],"collection":[{"href":"https:\/\/www.kids-cluster.com\/en\/wp-json\/wp\/v2\/tribe_events"}],"about":[{"href":"https:\/\/www.kids-cluster.com\/en\/wp-json\/wp\/v2\/types\/tribe_events"}],"author":[{"embeddable":true,"href":"https:\/\/www.kids-cluster.com\/en\/wp-json\/wp\/v2\/users\/4"}],"version-history":[{"count":29,"href":"https:\/\/www.kids-cluster.com\/en\/wp-json\/wp\/v2\/tribe_events\/31343\/revisions"}],"predecessor-version":[{"id":31584,"href":"https:\/\/www.kids-cluster.com\/en\/wp-json\/wp\/v2\/tribe_events\/31343\/revisions\/31584"}],"wp:featuredmedia":[{"embeddable":true,"href":"https:\/\/www.kids-cluster.com\/en\/wp-json\/wp\/v2\/media\/31354"}],"wp:attachment":[{"href":"https:\/\/www.kids-cluster.com\/en\/wp-json\/wp\/v2\/media?parent=31343"}],"wp:term":[{"taxonomy":"post_tag","embeddable":true,"href":"https:\/\/www.kids-cluster.com\/en\/wp-json\/wp\/v2\/tags?post=31343"},{"taxonomy":"tribe_events_cat","embeddable":true,"href":"https:\/\/www.kids-cluster.com\/en\/wp-json\/wp\/v2\/tribe_events_cat?post=31343"}],"curies":[{"name":"wp","href":"https:\/\/api.w.org\/{rel}","templated":true}]}}