{"id":29543,"date":"2023-11-01T16:48:47","date_gmt":"2023-11-01T15:48:47","guid":{"rendered":"https:\/\/kids-cluster.com\/?post_type=tribe_events&#038;p=29543"},"modified":"2024-03-19T09:35:53","modified_gmt":"2024-03-19T08:35:53","slug":"assemblea-general-2024","status":"publish","type":"tribe_events","link":"https:\/\/www.kids-cluster.com\/en\/activitats\/assemblea-general-2024\/","title":{"rendered":"ASSEMBLEA GENERAL"},"content":{"rendered":"<h4>Un any m\u00e9s, arriba una de les trobades m\u00e9s importants i estrat\u00e8giques de KID\u2019S CLUSTER, l\u2019Assemblea General. Un esdeveniment clau on convidem a tots els membres del cl\u00faster a reflexionar conjuntament sobre l\u2019entitat, el futur del sector i els reptes que compartim. \u00a0\u00c9s el moment de retrobar-nos amb els companys que ja coneixem, de posar cara a les noves incorporacions i de treballar plegats.<\/h4>\n<p>Volem que tots els socis i s\u00f2cies ens acompanyeu en aquest dia tan rellevant per al present i el futur del cl\u00faster. Hem organitzat una trobada carregada d&#8217;innovaci\u00f3 i networking on presentarem les noves organitzacions que s&#8217;han sumat a la nostra fam\u00edlia per a continuar multiplicant, el pla d&#8217;actuacions d&#8217;aquest 2024 i tamb\u00e9 <strong>l\u2019actualitzaci\u00f3 estrat\u00e8gica del sector orientat al p\u00fablic infantil i familiar a c\u00e0rrec d\u2019ACCI\u00d3 i \u00a0amb la col\u00b7laboraci\u00f3 de Cl\u00faster Development<\/strong>. Per descomptat, la participaci\u00f3, gaudir i les connexions tindran un paper protagonista durant l&#8217;esdeveniment, aix\u00ed com les vostres aportacions i inquietuds.<\/p>\n<p>Si ets una empresa orientada al p\u00fablic infantil i familiar. Vols saber en quin punt es troba el teu sector i les futures l\u00ednies de negoci i oportunitats que vindran, tamb\u00e9 est\u00e0s convidada a assistir a l&#8217;acte en la presentaci\u00f3 oberta de l&#8217;informe estrat\u00e8gic a partir de les 12h<\/p>\n<p>&nbsp;<\/p>\n<h4><strong>Ordre del dia:<\/strong><\/h4>\n<h5>9:00 &#8211; 12:00 &#8211; ASSEMBLEA GENERAL ORDIN\u00c0RIA<\/h5>\n<ul>\n<li><strong>Benvinguda a c\u00e0rrec de Judit Carrera,<\/strong> Directora del CCCB<\/li>\n<li><strong>Assemblea General KID&#8217;S CLUSTER<\/strong><\/li>\n<\/ul>\n<h5>12:00 &#8211; 13:15 &#8211; PRESENTACI\u00d3 OBERTA<\/h5>\n<ul>\n<li><strong>Presentaci\u00f3 de l\u2019actualitzaci\u00f3 estrat\u00e8gica del sector orientat al p\u00fablic infantil i familiar<\/strong> a c\u00e0rrec d\u2019ACCI\u00d3 i Cluster Development.<\/li>\n<li><strong>Debat<\/strong>\u00a0amb participants de l&#8217;estudi<\/li>\n<\/ul>\n<p><img decoding=\"async\" class=\"lazyload alignnone wp-image-31776 size-large\" src=\"https:\/\/www.kids-cluster.com\/wp-content\/uploads\/2023\/11\/AG2024-DEBAT-1030x433.png\" data-orig-src=\"https:\/\/www.kids-cluster.com\/wp-content\/uploads\/2023\/11\/AG2024-DEBAT-1030x433.png\" alt=\"\" width=\"1030\" height=\"433\" srcset=\"data:image\/svg+xml,%3Csvg%20xmlns%3D%27http%3A%2F%2Fwww.w3.org%2F2000%2Fsvg%27%20width%3D%271030%27%20height%3D%27433%27%20viewBox%3D%270%200%201030%20433%27%3E%3Crect%20width%3D%271030%27%20height%3D%27433%27%20fill-opacity%3D%220%22%2F%3E%3C%2Fsvg%3E\" data-srcset=\"https:\/\/www.kids-cluster.com\/wp-content\/uploads\/2023\/11\/AG2024-DEBAT-200x84.png 200w, https:\/\/www.kids-cluster.com\/wp-content\/uploads\/2023\/11\/AG2024-DEBAT-300x126.png 300w, https:\/\/www.kids-cluster.com\/wp-content\/uploads\/2023\/11\/AG2024-DEBAT-400x168.png 400w, https:\/\/www.kids-cluster.com\/wp-content\/uploads\/2023\/11\/AG2024-DEBAT-600x252.png 600w, https:\/\/www.kids-cluster.com\/wp-content\/uploads\/2023\/11\/AG2024-DEBAT-768x323.png 768w, https:\/\/www.kids-cluster.com\/wp-content\/uploads\/2023\/11\/AG2024-DEBAT-800x336.png 800w, https:\/\/www.kids-cluster.com\/wp-content\/uploads\/2023\/11\/AG2024-DEBAT-1030x433.png 1030w, https:\/\/www.kids-cluster.com\/wp-content\/uploads\/2023\/11\/AG2024-DEBAT-1200x504.png 1200w, https:\/\/www.kids-cluster.com\/wp-content\/uploads\/2023\/11\/AG2024-DEBAT-1536x646.png 1536w, https:\/\/www.kids-cluster.com\/wp-content\/uploads\/2023\/11\/AG2024-DEBAT.png 1920w\" data-sizes=\"auto\" data-orig-sizes=\"(max-width: 1030px) 100vw, 1030px\" \/><\/p>\n<ul>\n<li><strong>Cloenda a c\u00e0rrec de Joan Romero<\/strong>, Director Executiu d\u2019ACCI\u00d3<\/li>\n<\/ul>\n<h5>13:15 &#8211; 14:00 &#8211; COCKTAIL NETWORKING<\/h5>\n<p>&nbsp;<\/p>\n<h4>Qu\u00e8 t&#8217;espera?<\/h4>\n<p>\ud83d\udccaConeixer\u00e0s el sector orientat al\u00a0segment infantil i familiar\u00a0a Catalunya<br \/>\n\ud83e\uddf8Explorar\u00e0s l\u2019\u00e0mbit de\u00a0productes i serveis\u00a0per al segment infantil i familiar<br \/>\n\ud83d\udca5Descobrir\u00e0s els canvis i\u00a0tend\u00e8ncies\u00a0al negoci<br \/>\n\u2705Identificar\u00e0s els reptes i recomanacions\u00a0d\u2019\u00e0rees de treball<\/p>\n<p>&nbsp;<\/p>\n<h4>Informaci\u00f3 pr\u00e0ctica:<\/h4>\n<p>\ud83d\udcc5 Dijous 21 de mar\u00e7, de 9:00h a 14:00h<\/p>\n<p>\ud83d\udccdBarcelona, (CCCB, <a href=\"https:\/\/www.bing.com\/ck\/a?!&amp;&amp;p=65b830a6b7a31fa4JmltdHM9MTcwODkwNTYwMCZpZ3VpZD0xMGUyZDM0OC03NGQxLTZmMmItMmFlYy1jNzZjNzVmYTZlYjImaW5zaWQ9NTIyOQ&amp;ptn=3&amp;ver=2&amp;hsh=3&amp;fclid=10e2d348-74d1-6f2b-2aec-c76c75fa6eb2&amp;psq=cccb+barcelona&amp;u=a1aHR0cHM6Ly93d3cuY2NjYi5vcmcvZXM&amp;ntb=1\" target=\"_blank\" rel=\"noopener\">Centre de Cultura Contempor\u00e0nia de Barcelona<\/a>)<\/p>\n<h5>Acompanya&#8217;ns en aquesta trobada estrat\u00e8gica per a con\u00e8ixer el nostre sector i reflexionar conjuntament sobre el seu futur amb altres professionals i empreses membres de KID&#8217;S CLUSTER.<\/h5>\n","protected":false},"excerpt":{"rendered":"<p>Un any m\u00e9s, arriba una de les trobades m\u00e9s importants i estrat\u00e8giques de KID\u2019S CLUSTER, l\u2019Assemblea General. Un esdeveniment clau on convidem a tots els  [&#8230;]<\/p>\n","protected":false},"author":4,"featured_media":31428,"template":"","meta":{"_price":"","_stock":"","_tribe_ticket_header":"","_tribe_default_ticket_provider":"","_tribe_ticket_capacity":"0","_ticket_start_date":"","_ticket_end_date":"","_tribe_ticket_show_description":"","_tribe_ticket_show_not_going":false,"_tribe_ticket_use_global_stock":"","_tribe_ticket_global_stock_level":"","_global_stock_mode":"","_global_stock_cap":"","_tribe_rsvp_for_event":"","_tribe_ticket_going_count":"","_tribe_ticket_not_going_count":"","_tribe_tickets_list":"[]","_tribe_ticket_has_attendee_info_fields":false,"_tribe_events_status":"","_tribe_events_status_reason":"","footnotes":"","_tec_slr_enabled":"","_tec_slr_layout":""},"tags":[],"tribe_events_cat":[],"class_list":["post-29543","tribe_events","type-tribe_events","status-publish","has-post-thumbnail","hentry"],"yoast_head":"<!-- This site is optimized with the Yoast SEO plugin v27.4 - https:\/\/yoast.com\/product\/yoast-seo-wordpress\/ -->\n<title>ASSEMBLEA GENERAL - KIDS CLUSTER<\/title>\n<meta name=\"description\" content=\"No et perdis l&#039;Assemblea General de KID&#039;S CLUSTER, l&#039;esdeveniment per reflexionar conjuntament sobre l\u2019entitat, el futur del sector i els reptes que compartim.\" \/>\n<meta name=\"robots\" content=\"index, follow, max-snippet:-1, max-image-preview:large, max-video-preview:-1\" \/>\n<link rel=\"canonical\" href=\"https:\/\/www.kids-cluster.com\/activitats\/assemblea-general-2024\/\" \/>\n<meta property=\"og:locale\" content=\"en_US\" \/>\n<meta property=\"og:type\" content=\"article\" \/>\n<meta property=\"og:title\" content=\"ASSEMBLEA GENERAL - KIDS CLUSTER\" \/>\n<meta property=\"og:description\" content=\"No et perdis l&#039;Assemblea General de KID&#039;S CLUSTER, l&#039;esdeveniment per reflexionar conjuntament sobre l\u2019entitat, el futur del sector i els reptes que compartim.\" \/>\n<meta property=\"og:url\" content=\"https:\/\/www.kids-cluster.com\/activitats\/assemblea-general-2024\/\" \/>\n<meta property=\"og:site_name\" content=\"KIDS CLUSTER\" \/>\n<meta property=\"article:modified_time\" content=\"2024-03-19T08:35:53+00:00\" \/>\n<meta property=\"og:image\" content=\"https:\/\/www.kids-cluster.com\/wp-content\/uploads\/2023\/11\/20240321_AG_2024-1030x579.png\" \/>\n\t<meta property=\"og:image:width\" content=\"1030\" \/>\n\t<meta property=\"og:image:height\" content=\"579\" \/>\n\t<meta property=\"og:image:type\" content=\"image\/png\" \/>\n<meta name=\"twitter:card\" content=\"summary_large_image\" \/>\n<meta name=\"twitter:site\" content=\"@KIDSCLUSTER\" \/>\n<meta name=\"twitter:label1\" content=\"Est. reading time\" \/>\n\t<meta name=\"twitter:data1\" content=\"3 minutes\" \/>\n<script type=\"application\/ld+json\" class=\"yoast-schema-graph\">{\"@context\":\"https:\\\/\\\/schema.org\",\"@graph\":[{\"@type\":\"WebPage\",\"@id\":\"https:\\\/\\\/www.kids-cluster.com\\\/activitats\\\/assemblea-general-2024\\\/\",\"url\":\"https:\\\/\\\/www.kids-cluster.com\\\/activitats\\\/assemblea-general-2024\\\/\",\"name\":\"ASSEMBLEA GENERAL - KIDS CLUSTER\",\"isPartOf\":{\"@id\":\"https:\\\/\\\/www.kids-cluster.com\\\/#website\"},\"primaryImageOfPage\":{\"@id\":\"https:\\\/\\\/www.kids-cluster.com\\\/activitats\\\/assemblea-general-2024\\\/#primaryimage\"},\"image\":{\"@id\":\"https:\\\/\\\/www.kids-cluster.com\\\/activitats\\\/assemblea-general-2024\\\/#primaryimage\"},\"thumbnailUrl\":\"https:\\\/\\\/www.kids-cluster.com\\\/wp-content\\\/uploads\\\/2023\\\/11\\\/20240321_AG_2024.png\",\"datePublished\":\"2023-11-01T15:48:47+00:00\",\"dateModified\":\"2024-03-19T08:35:53+00:00\",\"description\":\"No et perdis l'Assemblea General de KID'S CLUSTER, l'esdeveniment per reflexionar conjuntament sobre l\u2019entitat, el futur del sector i els reptes que compartim.\",\"breadcrumb\":{\"@id\":\"https:\\\/\\\/www.kids-cluster.com\\\/activitats\\\/assemblea-general-2024\\\/#breadcrumb\"},\"inLanguage\":\"en-US\",\"potentialAction\":[{\"@type\":\"ReadAction\",\"target\":[\"https:\\\/\\\/www.kids-cluster.com\\\/activitats\\\/assemblea-general-2024\\\/\"]}]},{\"@type\":\"ImageObject\",\"inLanguage\":\"en-US\",\"@id\":\"https:\\\/\\\/www.kids-cluster.com\\\/activitats\\\/assemblea-general-2024\\\/#primaryimage\",\"url\":\"https:\\\/\\\/www.kids-cluster.com\\\/wp-content\\\/uploads\\\/2023\\\/11\\\/20240321_AG_2024.png\",\"contentUrl\":\"https:\\\/\\\/www.kids-cluster.com\\\/wp-content\\\/uploads\\\/2023\\\/11\\\/20240321_AG_2024.png\",\"width\":1920,\"height\":1080},{\"@type\":\"BreadcrumbList\",\"@id\":\"https:\\\/\\\/www.kids-cluster.com\\\/activitats\\\/assemblea-general-2024\\\/#breadcrumb\",\"itemListElement\":[{\"@type\":\"ListItem\",\"position\":1,\"name\":\"Home\",\"item\":\"https:\\\/\\\/www.kids-cluster.com\\\/en\\\/\"},{\"@type\":\"ListItem\",\"position\":2,\"name\":\"Esdeveniments\",\"item\":\"https:\\\/\\\/www.kids-cluster.com\\\/activitats\\\/\"},{\"@type\":\"ListItem\",\"position\":3,\"name\":\"ASSEMBLEA GENERAL\"}]},{\"@type\":\"WebSite\",\"@id\":\"https:\\\/\\\/www.kids-cluster.com\\\/#website\",\"url\":\"https:\\\/\\\/www.kids-cluster.com\\\/\",\"name\":\"KIDS CLUSTER\",\"description\":\"La inf\u00e0ncia, la nostra ra\u00f3 de ser\",\"publisher\":{\"@id\":\"https:\\\/\\\/www.kids-cluster.com\\\/#organization\"},\"alternateName\":\"KIDS CLUSTER\",\"potentialAction\":[{\"@type\":\"SearchAction\",\"target\":{\"@type\":\"EntryPoint\",\"urlTemplate\":\"https:\\\/\\\/www.kids-cluster.com\\\/?s={search_term_string}\"},\"query-input\":{\"@type\":\"PropertyValueSpecification\",\"valueRequired\":true,\"valueName\":\"search_term_string\"}}],\"inLanguage\":\"en-US\"},{\"@type\":\"Organization\",\"@id\":\"https:\\\/\\\/www.kids-cluster.com\\\/#organization\",\"name\":\"KIDS CLUSTER\",\"url\":\"https:\\\/\\\/www.kids-cluster.com\\\/\",\"logo\":{\"@type\":\"ImageObject\",\"inLanguage\":\"en-US\",\"@id\":\"https:\\\/\\\/www.kids-cluster.com\\\/#\\\/schema\\\/logo\\\/image\\\/\",\"url\":\"https:\\\/\\\/www.kids-cluster.com\\\/wp-content\\\/uploads\\\/2023\\\/10\\\/LOGO-KIDS-CLUSTER-orange.png\",\"contentUrl\":\"https:\\\/\\\/www.kids-cluster.com\\\/wp-content\\\/uploads\\\/2023\\\/10\\\/LOGO-KIDS-CLUSTER-orange.png\",\"width\":1002,\"height\":467,\"caption\":\"KIDS CLUSTER\"},\"image\":{\"@id\":\"https:\\\/\\\/www.kids-cluster.com\\\/#\\\/schema\\\/logo\\\/image\\\/\"},\"sameAs\":[\"https:\\\/\\\/x.com\\\/KIDSCLUSTER\",\"https:\\\/\\\/www.instagram.com\\\/kidscluster\\\/\",\"https:\\\/\\\/www.youtube.com\\\/@kidscluster8265\",\"https:\\\/\\\/www.linkedin.com\\\/company\\\/kids-cluster\\\/\"]}]}<\/script>\n<!-- \/ Yoast SEO plugin. -->","yoast_head_json":{"title":"ASSEMBLEA GENERAL - KIDS CLUSTER","description":"No et perdis l'Assemblea General de KID'S CLUSTER, l'esdeveniment per reflexionar conjuntament sobre l\u2019entitat, el futur del sector i els reptes que compartim.","robots":{"index":"index","follow":"follow","max-snippet":"max-snippet:-1","max-image-preview":"max-image-preview:large","max-video-preview":"max-video-preview:-1"},"canonical":"https:\/\/www.kids-cluster.com\/activitats\/assemblea-general-2024\/","og_locale":"en_US","og_type":"article","og_title":"ASSEMBLEA GENERAL - KIDS CLUSTER","og_description":"No et perdis l'Assemblea General de KID'S CLUSTER, l'esdeveniment per reflexionar conjuntament sobre l\u2019entitat, el futur del sector i els reptes que compartim.","og_url":"https:\/\/www.kids-cluster.com\/activitats\/assemblea-general-2024\/","og_site_name":"KIDS CLUSTER","article_modified_time":"2024-03-19T08:35:53+00:00","og_image":[{"width":1030,"height":579,"url":"https:\/\/www.kids-cluster.com\/wp-content\/uploads\/2023\/11\/20240321_AG_2024-1030x579.png","type":"image\/png"}],"twitter_card":"summary_large_image","twitter_site":"@KIDSCLUSTER","twitter_misc":{"Est. reading time":"3 minutes"},"schema":{"@context":"https:\/\/schema.org","@graph":[{"@type":"WebPage","@id":"https:\/\/www.kids-cluster.com\/activitats\/assemblea-general-2024\/","url":"https:\/\/www.kids-cluster.com\/activitats\/assemblea-general-2024\/","name":"ASSEMBLEA GENERAL - KIDS CLUSTER","isPartOf":{"@id":"https:\/\/www.kids-cluster.com\/#website"},"primaryImageOfPage":{"@id":"https:\/\/www.kids-cluster.com\/activitats\/assemblea-general-2024\/#primaryimage"},"image":{"@id":"https:\/\/www.kids-cluster.com\/activitats\/assemblea-general-2024\/#primaryimage"},"thumbnailUrl":"https:\/\/www.kids-cluster.com\/wp-content\/uploads\/2023\/11\/20240321_AG_2024.png","datePublished":"2023-11-01T15:48:47+00:00","dateModified":"2024-03-19T08:35:53+00:00","description":"No et perdis l'Assemblea General de KID'S CLUSTER, l'esdeveniment per reflexionar conjuntament sobre l\u2019entitat, el futur del sector i els reptes que compartim.","breadcrumb":{"@id":"https:\/\/www.kids-cluster.com\/activitats\/assemblea-general-2024\/#breadcrumb"},"inLanguage":"en-US","potentialAction":[{"@type":"ReadAction","target":["https:\/\/www.kids-cluster.com\/activitats\/assemblea-general-2024\/"]}]},{"@type":"ImageObject","inLanguage":"en-US","@id":"https:\/\/www.kids-cluster.com\/activitats\/assemblea-general-2024\/#primaryimage","url":"https:\/\/www.kids-cluster.com\/wp-content\/uploads\/2023\/11\/20240321_AG_2024.png","contentUrl":"https:\/\/www.kids-cluster.com\/wp-content\/uploads\/2023\/11\/20240321_AG_2024.png","width":1920,"height":1080},{"@type":"BreadcrumbList","@id":"https:\/\/www.kids-cluster.com\/activitats\/assemblea-general-2024\/#breadcrumb","itemListElement":[{"@type":"ListItem","position":1,"name":"Home","item":"https:\/\/www.kids-cluster.com\/en\/"},{"@type":"ListItem","position":2,"name":"Esdeveniments","item":"https:\/\/www.kids-cluster.com\/activitats\/"},{"@type":"ListItem","position":3,"name":"ASSEMBLEA GENERAL"}]},{"@type":"WebSite","@id":"https:\/\/www.kids-cluster.com\/#website","url":"https:\/\/www.kids-cluster.com\/","name":"KIDS CLUSTER","description":"La inf\u00e0ncia, la nostra ra\u00f3 de ser","publisher":{"@id":"https:\/\/www.kids-cluster.com\/#organization"},"alternateName":"KIDS CLUSTER","potentialAction":[{"@type":"SearchAction","target":{"@type":"EntryPoint","urlTemplate":"https:\/\/www.kids-cluster.com\/?s={search_term_string}"},"query-input":{"@type":"PropertyValueSpecification","valueRequired":true,"valueName":"search_term_string"}}],"inLanguage":"en-US"},{"@type":"Organization","@id":"https:\/\/www.kids-cluster.com\/#organization","name":"KIDS CLUSTER","url":"https:\/\/www.kids-cluster.com\/","logo":{"@type":"ImageObject","inLanguage":"en-US","@id":"https:\/\/www.kids-cluster.com\/#\/schema\/logo\/image\/","url":"https:\/\/www.kids-cluster.com\/wp-content\/uploads\/2023\/10\/LOGO-KIDS-CLUSTER-orange.png","contentUrl":"https:\/\/www.kids-cluster.com\/wp-content\/uploads\/2023\/10\/LOGO-KIDS-CLUSTER-orange.png","width":1002,"height":467,"caption":"KIDS CLUSTER"},"image":{"@id":"https:\/\/www.kids-cluster.com\/#\/schema\/logo\/image\/"},"sameAs":["https:\/\/x.com\/KIDSCLUSTER","https:\/\/www.instagram.com\/kidscluster\/","https:\/\/www.youtube.com\/@kidscluster8265","https:\/\/www.linkedin.com\/company\/kids-cluster\/"]}]}},"ticketed":["rsvp"],"_links":{"self":[{"href":"https:\/\/www.kids-cluster.com\/en\/wp-json\/wp\/v2\/tribe_events\/29543","targetHints":{"allow":["GET"]}}],"collection":[{"href":"https:\/\/www.kids-cluster.com\/en\/wp-json\/wp\/v2\/tribe_events"}],"about":[{"href":"https:\/\/www.kids-cluster.com\/en\/wp-json\/wp\/v2\/types\/tribe_events"}],"author":[{"embeddable":true,"href":"https:\/\/www.kids-cluster.com\/en\/wp-json\/wp\/v2\/users\/4"}],"version-history":[{"count":17,"href":"https:\/\/www.kids-cluster.com\/en\/wp-json\/wp\/v2\/tribe_events\/29543\/revisions"}],"predecessor-version":[{"id":31786,"href":"https:\/\/www.kids-cluster.com\/en\/wp-json\/wp\/v2\/tribe_events\/29543\/revisions\/31786"}],"wp:featuredmedia":[{"embeddable":true,"href":"https:\/\/www.kids-cluster.com\/en\/wp-json\/wp\/v2\/media\/31428"}],"wp:attachment":[{"href":"https:\/\/www.kids-cluster.com\/en\/wp-json\/wp\/v2\/media?parent=29543"}],"wp:term":[{"taxonomy":"post_tag","embeddable":true,"href":"https:\/\/www.kids-cluster.com\/en\/wp-json\/wp\/v2\/tags?post=29543"},{"taxonomy":"tribe_events_cat","embeddable":true,"href":"https:\/\/www.kids-cluster.com\/en\/wp-json\/wp\/v2\/tribe_events_cat?post=29543"}],"curies":[{"name":"wp","href":"https:\/\/api.w.org\/{rel}","templated":true}]}}